{"id":3958,"date":"2015-10-14T14:19:05","date_gmt":"2015-10-14T14:19:05","guid":{"rendered":"http:\/\/dental-clinic.cmsmasters.net\/?post_type=profile&#038;p=3958"},"modified":"2025-10-01T11:24:57","modified_gmt":"2025-10-01T11:24:57","slug":"emilia-nhalevilo","status":"publish","type":"profile","link":"https:\/\/unipungue.ac.mz\/?profile=emilia-nhalevilo","title":{"rendered":"Em\u00edlia Zulmira de F\u00e1tima Afonso Nhalevilo"},"content":{"rendered":"<style type=\"text\/css\"> \n#cmsmasters_row_69f075b921f138_41138405 .cmsmasters_row_outer_parent { \n\tpadding-top: 0px; \n} \n\n#cmsmasters_row_69f075b921f138_41138405 .cmsmasters_row_outer_parent { \n\tpadding-bottom: 50px; \n} \n\n \n#cmsmasters_row_69f075b9223dc0_58810887 .cmsmasters_row_outer_parent { \n\tpadding-top: 0px; \n} \n\n#cmsmasters_row_69f075b9223dc0_58810887 .cmsmasters_row_outer_parent { \n\tpadding-bottom: 50px; \n} \n\n \n#cmsmasters_row_69f075b9224ec7_31346792 .cmsmasters_row_outer_parent { \n\tpadding-top: 0px; \n} \n\n#cmsmasters_row_69f075b9224ec7_31346792 .cmsmasters_row_outer_parent { \n\tpadding-bottom: 50px; \n} \n\n \n#cmsmasters_row_69f075b92262d1_78248486 .cmsmasters_row_outer_parent { \n\tpadding-bottom: 50px; \n} \n\n \n#cmsmasters_row_69f075b9226f26_19257337 .cmsmasters_row_outer_parent { \n\tpadding-bottom: 50px; \n} \n\n \n#cmsmasters_row_69f075b9227cb7_86050071 .cmsmasters_row_outer_parent { \n\tpadding-bottom: 50px; \n} \n\n \n#cmsmasters_row_69f075b9229535_82967640 .cmsmasters_row_outer_parent { \n\tpadding-bottom: 50px; \n} \n\n \n#cmsmasters_row_69f075b922a2d4_48367737 .cmsmasters_row_outer_parent { \n\tpadding-bottom: 50px; \n} \n\n \n#cmsmasters_row_69f075b922af52_88241364 .cmsmasters_row_outer_parent { \n\tpadding-bottom: 50px; \n} \n\n \n#cmsmasters_row_69f075b922d9e0_41218122 .cmsmasters_row_outer_parent { \n\tpadding-bottom: 50px; \n} \n\n \n#cmsmasters_row_69f075b922e9b7_28466365 .cmsmasters_row_outer_parent { \n\tpadding-top: 50px; \n} \n\n \n#cmsmasters_row_69f075b922f4f6_76742740 .cmsmasters_row_outer_parent { \n\tpadding-bottom: 50px; \n} \n\n \n#cmsmasters_row_69f075b92301a5_78670089 .cmsmasters_row_outer_parent { \n\tpadding-bottom: 50px; \n} \n\n \n#cmsmasters_row_69f075b9232297_13200666 .cmsmasters_row_outer_parent { \n\tpadding-bottom: 50px; \n} \n\n \n#cmsmasters_row_69f075b9232ec4_33520807 .cmsmasters_row_outer_parent { \n\tpadding-bottom: 50px; \n} \n\n \n#cmsmasters_row_69f075b9234220_20017150 .cmsmasters_row_outer_parent { \n\tpadding-bottom: 50px; \n} \n\n \n#cmsmasters_row_69f075b9234f35_07560958 .cmsmasters_row_outer_parent { \n\tpadding-top: 0px; \n} \n\n#cmsmasters_row_69f075b9234f35_07560958 .cmsmasters_row_outer_parent { \n\tpadding-bottom: 50px; \n} \n\n<\/style><div id=\"cmsmasters_row_69f075b921f138_41138405\" class=\"cmsmasters_row cmsmasters_color_scheme_default cmsmasters_row_top_default cmsmasters_row_bot_default cmsmasters_row_boxed\">\n<div class=\"cmsmasters_row_outer_parent\">\n<div class=\"cmsmasters_row_outer\">\n<div class=\"cmsmasters_row_inner\">\n<div class=\"cmsmasters_row_margin\">\n<div class=\"cmsmasters_column one_first\">\n<div class=\"cmsmasters_img  cmsmasters_image_n\">\n<img decoding=\"async\" src=\"https:\/\/unipungue.ac.mz\/wp-content\/uploads\/2015\/10\/reitoraoriginal.jpg\" \/>\n<\/div>\n<\/div>\n<\/div>\n<\/div>\n<\/div>\n<\/div>\n<\/div>\n<div id=\"cmsmasters_row_69f075b9223dc0_58810887\" class=\"cmsmasters_row cmsmasters_color_scheme_default cmsmasters_row_top_default cmsmasters_row_bot_default cmsmasters_row_boxed\">\n<div class=\"cmsmasters_row_outer_parent\">\n<div class=\"cmsmasters_row_outer\">\n<div class=\"cmsmasters_row_inner\">\n<div class=\"cmsmasters_row_margin\">\n<div class=\"cmsmasters_column one_first\">\n<div class=\"cmsmasters_text\">\n<p>\u00c9 Reitora da Universidade P\u00fangu\u00e8 com sede na prov\u00edncia de Manica e uma Extens\u00e3o na prov\u00edncia de Tete.<\/p>\n<\/div>\n<\/div>\n<\/div>\n<\/div>\n<\/div>\n<\/div>\n<\/div>\n<div id=\"cmsmasters_row_69f075b9224ec7_31346792\" class=\"cmsmasters_row cmsmasters_color_scheme_default cmsmasters_row_top_default cmsmasters_row_bot_default cmsmasters_row_boxed\">\n<div class=\"cmsmasters_row_outer_parent\">\n<div class=\"cmsmasters_row_outer\">\n<div class=\"cmsmasters_row_inner\">\n<div class=\"cmsmasters_row_margin\">\n<div class=\"cmsmasters_column one_first text-justify\">\n<div class=\"cmsmasters_text\">\n<p><strong>Informa\u00e7\u00e3o Geral<\/strong><\/p>\n<div>Em\u00edlia Afonso Nhalevilo, Professora Catedr\u00e1tica, iniciou em 1987 a sua carreira como professora no ensino secund\u00e1rio, tendo em 1995 passado a leccionar na Universidade Pedag\u00f3gica (UP), e em 2019 assumiu as fun\u00e7\u00f5es de Reitora da Universidade Pungue. Tem leccionado na gradua\u00e7\u00e3o e na p\u00f3s-gradua\u00e7\u00e3o em institui\u00e7\u00f5es nacionais e estrangeiras e orientado e\/ou examinado disserta\u00e7\u00f5es de mestrado e teses de doutoramento nacionais e internacionais. Possui diversas publica\u00e7\u00f5es em revistas cient\u00edficas, cap\u00edtulos de livros e livros. A Professora Em\u00edlia \u00e9 membro do conselho de editores da revista Cultural Studies in Science Education desde 2008 e revisora de v\u00e1rias revistas credenciadas. Tem colabora\u00e7\u00e3o com diversas institui\u00e7\u00f5es de ensino superior e\/ou pesquisa na Am\u00e9rica, Austr\u00e1lia, \u00c1sia, Europa e \u00c1frica, sendo de destacar a colabora\u00e7\u00e3o com a Universidade Federal do Maranh\u00e3o onde actuou na constru\u00e7\u00e3o do curr\u00edculo de estudos Africanos<br \/>\ne Afro-brasileiros, o primeiro curso de licenciatura nesta \u00e1rea, a colabora\u00e7\u00e3o com a Universidade de Western Cape, Africa do Sul onde foi pesquisadora associada tendo co-fundado a African Association for the Studies of Indigenous Knowledge System (AASIKS) e a colabora\u00e7\u00e3o com a Universidade de Nova York, Estados Unidos da America onde foi Fulbright Scholar. Em\u00edlia tem estado envolvida na pesquisa e gest\u00e3o de pesquisa a v\u00e1rios n\u00edveis e contextos. Assumiu as fun\u00e7\u00f5es de Directora do Centro de Estudos Mo\u00e7ambicanos e Etnoci\u00eancias, um dos centros de pesquisa da Universidade Pedag\u00f3gica (2008-20018); foi Presidente da Associa\u00e7\u00e3o Mo\u00e7ambicana de Pesquisa em Educa\u00e7\u00e3o de Matem\u00e1tica, Ci\u00eancia e Tecnologia (AMIEMAC) (2012-2014); Presidente da Associa\u00e7\u00e3o Africana de Estudo do Conhecimento Nativo (AASIKS) (2017-2018);<br \/>\nVice-Presidente para o Engajamento Africano da Associa\u00e7\u00e3o de Gestores de Pesquisa e Inova\u00e7\u00e3o da \u00c1frica Austral (SARIMA) (2013-2017); membro do comit\u00e9 executivo da Associa\u00e7\u00e3o da \u00c1frica Austral de Pesquisa em Educa\u00e7\u00e3o da Matem\u00e1tica, Ci\u00eancia e Tecnologia (SAARMSTE) (2012-2014); e Presidente da SARIMA(2023-2025). Proferiu v\u00e1rias palestras em confer\u00eancias nacionais e internacionais e foi facilitadora para semin\u00e1rios e workshops para a capacita\u00e7\u00e3o em<br \/>\npesquisa e\/ou ensino em Mo\u00e7ambique, Angola, Z\u00e2mbia, Uganda, Gana, Rep\u00fablica Democr\u00e1tica do Congo e Rwanda. Recebeu v\u00e1rias distin\u00e7\u00f5es e pr\u00e9mios a destacar: em 2011, o Minist\u00e9rio da Ci\u00eancia e Tecnologia concedeu-lhe um certificado de m\u00e9rito pelas contribui\u00e7\u00f5es para o desenvolvimento de Ethnobotanica como um meio para combater a pobreza em Mo\u00e7ambique; em 2012, a Universidade Eduardo Mondlane concedeu-lhe um certificado de m\u00e9rito pelas contribui\u00e7\u00f5es no desenvolvimento do ensino superior em Mo\u00e7ambique, em 2017 a Universidade Pedag\u00f3gica concedeu-lhe o premio \u201cExcel\u00eancia na Pesquisa\u2019. Internacionalmente, destaca-se o certificado de excel\u00eancia na gest\u00e3o da pesquisa atribu\u00eddo pelo INORMS (International Network of Research Management Societies) e o de reconhecimento por ter facilitado workshop de<br \/>\ncapacita\u00e7\u00e3o em gest\u00e3o de pesquisa em Kampala, Uganda. Em 2021 ela foi considerada pela Africa Shapers uma das 100 pessoas mais influentes da Africa Lus\u00f3fona. e faz parte de v\u00e1rias organiza\u00e7\u00f5es de mulheres ou de apoio a emancipa\u00e7\u00e3o de mulheres. Tem o grau de Doutora em Educa\u00e7\u00e3o de Ci\u00eancias pela Universidade Tecnol\u00f3gica de Curtin, Austr\u00e1lia e um P\u00f3s<br \/>\ndoutoramento pela Universidade de Western Cape, Africa do Sul. \u00c9 Doutora Honoris Causa pela<br \/>\nUniversidade Federal do Maranh\u00e3o.<\/div>\n<div>Em\u00edlia Nhalevilo \u00e9 casada com Vicente Jongue Dunduro, \u00e9 m\u0101e de dois filhos (Micael e Zuva) e av\u00f3.<\/div>\n<div><\/div>\n<\/div>\n<\/div>\n<\/div>\n<\/div>\n<\/div>\n<\/div>\n<\/div>\n<div id=\"cmsmasters_row_69f075b92262d1_78248486\" class=\"cmsmasters_row cmsmasters_color_scheme_default cmsmasters_row_top_default cmsmasters_row_bot_default cmsmasters_row_boxed\">\n<div class=\"cmsmasters_row_outer_parent\">\n<div class=\"cmsmasters_row_outer\">\n<div class=\"cmsmasters_row_inner\">\n<div class=\"cmsmasters_row_margin\">\n<div class=\"cmsmasters_column one_first text-justify\">\n<div class=\"cmsmasters_text\">\n<p><strong>Qualifica\u00e7\u00f5es acad\u00e9micas<\/strong><\/p>\n<div>2022: Doutora Honoris Causa- Universidade Federal do Maranhao<br \/>\n2007: Doutora em Educa\u00e7\u00e3o de Ci\u00eancias Naturais \u2013 Curtin University Western Australia<br \/>\n2002: Mestre em Educa\u00e7\u00e3o de Ci\u00eancias Naturais &#8211; Curtin University Western Australia<br \/>\n1994: Licenciatura em ensino de Qu\u00edmica e Biologia\u2013 Universidade Pedag\u00f3gica Mo\u00e7ambique<br \/>\n1986: Bacharelato em ensino de Qu\u00edmica e Biologia \u2013 Universidade Eduardo Mondlane,<br \/>\nMo\u00e7ambique<\/div>\n<\/div>\n<\/div>\n<\/div>\n<\/div>\n<\/div>\n<\/div>\n<\/div>\n<div id=\"cmsmasters_row_69f075b9226f26_19257337\" class=\"cmsmasters_row cmsmasters_color_scheme_default cmsmasters_row_top_default cmsmasters_row_bot_default cmsmasters_row_boxed\">\n<div class=\"cmsmasters_row_outer_parent\">\n<div class=\"cmsmasters_row_outer\">\n<div class=\"cmsmasters_row_inner\">\n<div class=\"cmsmasters_row_margin\">\n<div class=\"cmsmasters_column one_first\">\n<div class=\"cmsmasters_text\">\n<p><strong>P\u00f3s-doutoramento, sab\u00e1ticas e est\u00e1gios selecionados<\/strong><\/p>\n<ul>\n<li>Sab\u00e1ticas: 2017 Fulbright research scholar:-University of New York, USA<\/li>\n<li>Pos-doutoramento: 2009-2011,-University of Western Cape, Africa do Sul<\/li>\n<li>2018: Curso de Capacita\u00e7\u00e3o em Propriedade Intelectual &#8211; PRV, Estocolmo (Su\u00e9cia)<\/li>\n<li>2018: Est\u00e1gio de intercambio sobre Gest\u00e3o de Pesquisa, Melbourne University (Austr\u00e1lia)<\/li>\n<li>2015: Est\u00e1gio de Intercambio sobre gest\u00e3o de pesquisa, Stellembosh University, Africa do Sul<\/li>\n<\/ul>\n<\/div>\n<\/div>\n<\/div>\n<\/div>\n<\/div>\n<\/div>\n<\/div>\n<div id=\"cmsmasters_row_69f075b9227cb7_86050071\" class=\"cmsmasters_row cmsmasters_color_scheme_default cmsmasters_row_top_default cmsmasters_row_bot_default cmsmasters_row_boxed\">\n<div class=\"cmsmasters_row_outer_parent\">\n<div class=\"cmsmasters_row_outer\">\n<div class=\"cmsmasters_row_inner\">\n<div class=\"cmsmasters_row_margin\">\n<div class=\"cmsmasters_column one_first text-justify\">\n<div class=\"cmsmasters_text\">\n<p><strong>Pr\u00e9mios<\/strong><\/p>\n<p><span style=\"text-decoration: underline;\"> Individual Nacional<\/span><\/p>\n<ul>\n<li>2017: Premio Excel\u00eancia na Pesquisa atribu\u00eddo pela UP<\/li>\n<li>2012: Premio \u201cCatarina Chuni\u201d em reconhecimento do contributo dado ao desenvolvimento do<br \/>\nensino superior em Mo\u00e7ambique- Universidade Eduardo Mondlane (Gala 50 anos do ensino<br \/>\nsuperior).<\/li>\n<li>2011: Certificado de m\u00e9rito em reconhecimento da contribui\u00e7\u00e3o no desenvolvimento da<br \/>\nEtnobot\u00e2nica em prol do combate \u00e1 pobreza \u2013 Minist\u00e9rio da Ci\u00eancia e Tecnologia. Dezembro.<\/li>\n<\/ul>\n<p><span style=\"text-decoration: underline;\">Individual internacional<\/span><\/p>\n<ul>\n<li>2021: Excellence award atribu\u00eddo pela INORMS<\/li>\n<li>2019: Distinguished contribution in Research Management atribu\u00eddo pelo Department of<br \/>\nScience and Innovation (South Africa) and SARIMA<\/li>\n<li>2015: Certificado de reconhecimento por ter facilitado workshop de capacita\u00e7\u00e3o em gest\u00e3o de<br \/>\npesquisa em Kampala, Uganda<\/li>\n<li>2014: Certificado de m\u00e9rito em reconhecimento da contribui\u00e7\u00e3o para desenvolvimento da<br \/>\ngest\u00e3o de pesquisa e inova\u00e7\u00e3o em Africa SADC, Minist\u00e9rio da Ci\u00eancia e Tecnologia da Africa<br \/>\nAustral e SARIMA<\/li>\n<\/ul>\n<p><span style=\"text-decoration: underline;\">Colectivos Nacionais<\/span><\/p>\n<ul>\n<li>2015: Premio Reitor pela excelente desempenho das actividades<\/li>\n<li>2014: Certificado de m\u00e9rito ao grupo de pesquisa do projecto Intercultura<\/li>\n<li>2013: Pr\u00e9mio Reitor pela excelente desempenho das actividades<\/li>\n<\/ul>\n<\/div>\n<\/div>\n<\/div>\n<\/div>\n<\/div>\n<\/div>\n<\/div>\n<div id=\"cmsmasters_row_69f075b9229535_82967640\" class=\"cmsmasters_row cmsmasters_color_scheme_default cmsmasters_row_top_default cmsmasters_row_bot_default cmsmasters_row_boxed\">\n<div class=\"cmsmasters_row_outer_parent\">\n<div class=\"cmsmasters_row_outer\">\n<div class=\"cmsmasters_row_inner\">\n<div class=\"cmsmasters_row_margin\">\n<div class=\"cmsmasters_column one_first text-justify\">\n<div class=\"cmsmasters_text\">\n<p><strong>Cargos de chefia<\/strong><\/p>\n<ul>\n<li>2019-Reitora da Universidade Pungue<\/li>\n<li>2018-2019: Assessora do Reitor para Pesquisa e Extens\u00e3o (Universidade Pedag\u00f3gica)<\/li>\n<li>2010-2018: Directora (Centro de Estudos Mo\u00e7ambicanos e de Etnociencias- UP)<\/li>\n<li>2008-2010 : Directora adjunta (Centro de Estudos Mo\u00e7ambicanos e de Etnociencias- UP)<\/li>\n<li>2007- 2008: Chefe do Departamento de Qu\u00edmica, Universidade Pedag\u00f3gica.<\/li>\n<\/ul>\n<\/div>\n<\/div>\n<\/div>\n<\/div>\n<\/div>\n<\/div>\n<\/div>\n<div id=\"cmsmasters_row_69f075b922a2d4_48367737\" class=\"cmsmasters_row cmsmasters_color_scheme_default cmsmasters_row_top_default cmsmasters_row_bot_default cmsmasters_row_boxed\">\n<div class=\"cmsmasters_row_outer_parent\">\n<div class=\"cmsmasters_row_outer\">\n<div class=\"cmsmasters_row_inner\">\n<div class=\"cmsmasters_row_margin\">\n<div class=\"cmsmasters_column one_first text-justify\">\n<div class=\"cmsmasters_text\">\n<p><strong>Supervis\u00e3o<\/strong><\/p>\n<ul>\n<li>Diversas monografias de licenciatura<\/li>\n<li>16+ disserta\u00e7\u00f5es de mestrado nacionais e internacionais<\/li>\n<li>3+ Teses de doutoramento<\/li>\n<li>2 P\u00f3s-doutoramentos (1 do Zimbabwe e 1 do Brazil)<\/li>\n<\/ul>\n<\/div>\n<\/div>\n<\/div>\n<\/div>\n<\/div>\n<\/div>\n<\/div>\n<div id=\"cmsmasters_row_69f075b922af52_88241364\" class=\"cmsmasters_row cmsmasters_color_scheme_default cmsmasters_row_top_default cmsmasters_row_bot_default cmsmasters_row_boxed\">\n<div class=\"cmsmasters_row_outer_parent\">\n<div class=\"cmsmasters_row_outer\">\n<div class=\"cmsmasters_row_inner\">\n<div class=\"cmsmasters_row_margin\">\n<div class=\"cmsmasters_column one_first text-justify\">\n<div class=\"cmsmasters_text\">\n<p><strong>Actividade de doc\u00eancia<\/strong><\/p>\n<p>1987-1995: Professora de Qu\u00edmica e de Biologia -Escola Secund\u00e1ria Francisco Manyanga<br \/>\n<strong>Gradua\u00e7\u00e3o: Universidade Pedag\u00f3gica<\/strong><br \/>\n1995-: Docente e regente de:<\/p>\n<ul>\n<li>Did\u00e1cticas de Qu\u00edmica,<\/li>\n<li>Historia de Qu\u00edmica,<\/li>\n<li>Metodologia de estudos e de pesquisa cient\u00edfica<\/li>\n<\/ul>\n<p><strong>P\u00f3s-gradua\u00e7\u00e3o Nacional: Universidade Pedag\u00f3gica <\/strong><br \/>\n2009-: Docente e regente de:<\/p>\n<ul>\n<li>Metodologia de pesquisa cient\u00edfica<\/li>\n<li>M\u00e9todos inovativos de pesquisa<\/li>\n<li>Did\u00e1cticas e pr\u00e1ticas do ensino de Qu\u00edmica<\/li>\n<li>Escrita Acad\u00e9mica<\/li>\n<\/ul>\n<p><strong>P\u00f3s-gradua\u00e7\u00e3o internacional: Curtin University of Technology, Australia<\/strong><br \/>\n2005-2007: Docente de:<\/p>\n<ul>\n<li>Research methods<\/li>\n<\/ul>\n<p><strong>Examinadora e\/ou orientadora de disserta\u00e7\u00f5es Mestrado e\/ou de teses de Doutoramento <\/strong><br \/>\n<strong>das seguintes Universidades<\/strong><br \/>\n<span style=\"text-decoration: underline;\">Do Continente Africano<\/span><\/p>\n<ul>\n<li>Universidade de Witwatersrand (RSA)<\/li>\n<li>University of Pretoria (RSA)<\/li>\n<li>Universidade de Western Cape (RSA)<\/li>\n<li>\u00a0Universidade de Free States (RSA)<\/li>\n<li>Durban University of Technology (RSA)<\/li>\n<li>Universidade de Rhodes (RSA)<\/li>\n<li>Universidade de Kwazulu Natal (RSA)<\/li>\n<li>Universidade de Zululand (RSA),<\/li>\n<li>Universidade da Namibia (Namibia)<\/li>\n<li>Universidade do Botswana (Botswana)<\/li>\n<\/ul>\n<p><span style=\"text-decoration: underline;\">Da Australia<\/span><\/p>\n<ul>\n<li>Curtin University of Technology<\/li>\n<li>Murdoch University<\/li>\n<li>Edith Cowan University<\/li>\n<\/ul>\n<p><span style=\"text-decoration: underline;\">Da Asia<\/span><\/p>\n<ul>\n<li>University of Kathmandu (Nepal)<\/li>\n<\/ul>\n<p><span style=\"text-decoration: underline;\">Da America <\/span><\/p>\n<ul>\n<li>Universidade Federal da Bahia (Brazil)<\/li>\n<li>Centro Federal de Educa\u00e7\u00e3o Tecnologica Ceslo Sickow do Rio de Janeiro (Brazil)<\/li>\n<li>Universidade de Brasilia (brazil)<\/li>\n<\/ul>\n<p><span style=\"text-decoration: underline;\">Da Europa <\/span><\/p>\n<ul>\n<li>Universidade Nova de Lisboa (Portugal),<\/li>\n<li>Universidade do Minho (Portugal)<\/li>\n<\/ul>\n<p>&nbsp;<\/p>\n<\/div>\n<\/div>\n<\/div>\n<\/div>\n<\/div>\n<\/div>\n<\/div>\n<div id=\"cmsmasters_row_69f075b922d9e0_41218122\" class=\"cmsmasters_row cmsmasters_color_scheme_default cmsmasters_row_top_default cmsmasters_row_bot_default cmsmasters_row_boxed\">\n<div class=\"cmsmasters_row_outer_parent\">\n<div class=\"cmsmasters_row_outer\">\n<div class=\"cmsmasters_row_inner\">\n<div class=\"cmsmasters_row_margin\">\n<div class=\"cmsmasters_column one_first text-justify\">\n<div class=\"cmsmasters_text\">\n<p><strong>Visitas e felowships<\/strong><\/p>\n<ul>\n<li>2017: Fulbright research visiting scholar:-University of New York, USA<\/li>\n<li>2011-2017: Pesquisadora associada a University of Western Cape (School of Science and<br \/>\nMaths education)<\/li>\n<li>2011: Docente visitante, University of Witwatersrand, Marang Center<\/li>\n<li>2011, 2009, 2008, 2007: Docente visitante, Durban University of Technology, South Africa.<\/li>\n<li>2010: Docente visitante, Central University of Technology, Free States, South Africa<\/li>\n<li>2009: Docente visitante, Free States University of South Africa (Cultural Competence Project-<br \/>\nCenter for High Education Studies and Development)<\/li>\n<\/ul>\n<\/div>\n<\/div>\n<\/div>\n<\/div>\n<\/div>\n<\/div>\n<\/div>\n<div id=\"cmsmasters_row_69f075b922e9b7_28466365\" class=\"cmsmasters_row cmsmasters_color_scheme_default cmsmasters_row_top_default cmsmasters_row_bot_default cmsmasters_row_boxed\">\n<div class=\"cmsmasters_row_outer_parent\">\n<div class=\"cmsmasters_row_outer\">\n<div class=\"cmsmasters_row_inner\">\n<div class=\"cmsmasters_row_margin\">\n<div class=\"cmsmasters_column one_first\">\n<div class=\"cmsmasters_text\">\n<p><strong>Publica\u00e7\u00f5es<\/strong><\/p>\n<p><i class=\"fas fa-link\"><\/i> <a href=\"https:\/\/unipungue.ac.mz\/wp-content\/uploads\/2025\/10\/Publicacoes.pdf\" type=\"application\/pdf\">Ver publica\u00e7\u00f5es<\/a><\/p>\n<\/div>\n<\/div>\n<\/div>\n<\/div>\n<\/div>\n<\/div>\n<\/div>\n<div id=\"cmsmasters_row_69f075b922f4f6_76742740\" class=\"cmsmasters_row cmsmasters_color_scheme_default cmsmasters_row_top_default cmsmasters_row_bot_default cmsmasters_row_boxed\">\n<div class=\"cmsmasters_row_outer_parent\">\n<div class=\"cmsmasters_row_outer\">\n<div class=\"cmsmasters_row_inner\">\n<div class=\"cmsmasters_row_margin\">\n<div class=\"cmsmasters_column one_first text-justify\">\n<div class=\"cmsmasters_text\">\n<p><strong>Filia\u00e7\u00e3o a organiza\u00e7\u00f5es cient\u00edficas<\/strong><\/p>\n<ul>\n<li>Southern Africa Research and Innovation Management association (SARIMA)<\/li>\n<li>Membro fundadora da Associa\u00e7\u00e3o Africana de Estudo de Conhecimento Nativo (AASIKS)<\/li>\n<li>Southern African Association for Research in Maths Science and Technology (SAARMSTE).<\/li>\n<li>International Transformative Education Research Network (ITERN),<\/li>\n<\/ul>\n<\/div>\n<\/div>\n<\/div>\n<\/div>\n<\/div>\n<\/div>\n<\/div>\n<div id=\"cmsmasters_row_69f075b92301a5_78670089\" class=\"cmsmasters_row cmsmasters_color_scheme_default cmsmasters_row_top_default cmsmasters_row_bot_default cmsmasters_row_boxed\">\n<div class=\"cmsmasters_row_outer_parent\">\n<div class=\"cmsmasters_row_outer\">\n<div class=\"cmsmasters_row_inner\">\n<div class=\"cmsmasters_row_margin\">\n<div class=\"cmsmasters_column one_first text-center\">\n<div class=\"cmsmasters_text\">\n<p><strong>Palestras em plen\u00e1rias (seleccionadas)<\/strong><\/p>\n<ul>\n<li>2023: Science Education and Indigenous Knowledge System. Universidade da Nam\u00edbia.<\/li>\n<li>2022: Reflex\u00f5es sobre Ubuntu: Ujamaa na Educa\u00e7\u00e3o?<br \/>\nCESC, Rio de Janeiro<\/li>\n<li>2022: Possibilidades de integra\u00e7\u00e3o do conhecimento ind\u00edgena- Universidade Estadual do<br \/>\nMatogrosso<\/li>\n<li>2022: Conhecimento local e Educa\u00e7\u00e3o: Instituto Federal do Rio de Janeiro<\/li>\n<li>2022: Pilgrimage Philosophy. IOSTE, Recife, Brazil<\/li>\n<li>2022: Science Education as a Pilgrimage Kathmandu University, Nepal<\/li>\n<li>2018: What if we do not embark on? Desocializing Indigenous Knowledge System\u2019s research.<br \/>\nKathmandu University, Nepal<\/li>\n<li>2017: Paradigmas da Pesquisa no conhecimento Ind\u00edgena Semana Intercalar dos estudos afro<br \/>\nbrasileiros, Universidade Federal do Maranh\u00e3o<\/li>\n<li>2017: Pesquisa e curr\u00edculo: Desconstruindo o c\u00edrculo; State University, USA<br \/>\nEye on Africa seminar, Michigan<\/li>\n<li>2017: IKS Research and Posthumanism; City University of New York, USA<\/li>\n<li>2017: Does critical Theory work? New York University, USA<\/li>\n<li>2015: Di\u00e1logos diasp\u00f3rios: Reflex\u00f5es sobre a agenda da pesquisa Universidade Federal do<br \/>\nMaranh\u00e3o, Brazil<\/li>\n<li>2015: IKS research: Building an agenda in a tricky ground, Universidade da Namibia<\/li>\n<\/ul>\n<\/div>\n<\/div>\n<\/div>\n<\/div>\n<\/div>\n<\/div>\n<\/div>\n<div id=\"cmsmasters_row_69f075b9231682_30129629\" class=\"cmsmasters_row cmsmasters_color_scheme_default cmsmasters_row_top_default cmsmasters_row_bot_default cmsmasters_row_boxed\">\n<div class=\"cmsmasters_row_outer_parent\">\n<div class=\"cmsmasters_row_outer\">\n<div class=\"cmsmasters_row_inner\">\n<div class=\"cmsmasters_row_margin\">\n<div class=\"cmsmasters_column one_first text-justify\">\n<div class=\"cmsmasters_text\">\n<p><strong>Trabalhos comunit\u00e1rios volunt\u00e1rios (seleccionados)<\/strong><\/p>\n<ul>\n<li>Observadora para Educa\u00e7\u00e3o inclusiva na Prov\u00edncia de Manica (projecto da Save the Children)<\/li>\n<li>Membro do comit\u00e9 de atribui\u00e7\u00e3o de bolsas a crian\u00e7as Mo\u00e7ambicanas desfavorecidas na<br \/>\nAmerican international School of Mozambique<\/li>\n<\/ul>\n<\/div>\n<\/div>\n<\/div>\n<\/div>\n<\/div>\n<\/div>\n<\/div>\n<div id=\"cmsmasters_row_69f075b9232297_13200666\" class=\"cmsmasters_row cmsmasters_color_scheme_default cmsmasters_row_top_default cmsmasters_row_bot_default cmsmasters_row_boxed\">\n<div class=\"cmsmasters_row_outer_parent\">\n<div class=\"cmsmasters_row_outer\">\n<div class=\"cmsmasters_row_inner\">\n<div class=\"cmsmasters_row_margin\">\n<div class=\"cmsmasters_column one_first text-justify\">\n<div class=\"cmsmasters_text\">\n<p><strong>\u00c1reas de interesse<\/strong><\/p>\n<ul>\n<li>Did\u00e1cticas e Ensino de Qu\u00edmica<\/li>\n<li>Hist\u00f3ria de Qu\u00edmica<\/li>\n<li>Conhecimento Ind\u00edgena e Educa\u00e7\u00e3o<\/li>\n<li>Metodologias de Pesquisa Cient\u00edfica<\/li>\n<\/ul>\n<\/div>\n<\/div>\n<\/div>\n<\/div>\n<\/div>\n<\/div>\n<\/div>\n<div id=\"cmsmasters_row_69f075b9232ec4_33520807\" class=\"cmsmasters_row cmsmasters_color_scheme_default cmsmasters_row_top_default cmsmasters_row_bot_default cmsmasters_row_boxed\">\n<div class=\"cmsmasters_row_outer_parent\">\n<div class=\"cmsmasters_row_outer\">\n<div class=\"cmsmasters_row_inner\">\n<div class=\"cmsmasters_row_margin\">\n<div class=\"cmsmasters_column one_first text-justify\">\n<div class=\"cmsmasters_text\">\n<p><strong>Pesquisa<\/strong><\/p>\n<p><span style=\"text-decoration: underline;\">Co-leader nos seguintes projectos ja finalizados (selecionados):<\/span><\/p>\n<ul>\n<li>Other views of learning Science em parceria com a New York University (financiado pela ISLS)<\/li>\n<li>Strengthening Research and Innovation Management in Africa (SRIM)- SARIMA<\/li>\n<li>Systematic review and documentation on IKS research in Mozambique and South Africa em parceria com a University of Western Cape (funded by NRF and FNI)<\/li>\n<li>Interculture in teacher education program- em parceria com a HEP Switzerland (Funded by PEERS program)<\/li>\n<li>Local curriculum as possibility for emancipation (funded by Pedagogical University)<\/li>\n<li>Bilingual education (Funded by UDEBA)<\/li>\n<li>Local knowledge in artisanal fishing in Mozambique (Funded by FNI)<\/li>\n<\/ul>\n<p><span style=\"text-decoration: underline;\">Participante nos seguintes projectos (selecionados):<\/span><\/p>\n<ul>\n<li>Science Grant Council Initiative in SubSaharian Africa (SGCI)<\/li>\n<li>Strengthening of Research management in SADC and EU HEI (SToRM)<\/li>\n<li>Plantas medicinais no tratamento usadas no tratamento de malaria e outras doen\u00e7as em Mo\u00e7ambique e Nam\u00edbia (Financiado pelo FNI e cong\u00eanere da Nam\u00edbia)<\/li>\n<\/ul>\n<\/div>\n<\/div>\n<\/div>\n<\/div>\n<\/div>\n<\/div>\n<\/div>\n<div id=\"cmsmasters_row_69f075b9234220_20017150\" class=\"cmsmasters_row cmsmasters_color_scheme_default cmsmasters_row_top_default cmsmasters_row_bot_default cmsmasters_row_boxed\">\n<div class=\"cmsmasters_row_outer_parent\">\n<div class=\"cmsmasters_row_outer\">\n<div class=\"cmsmasters_row_inner\">\n<div class=\"cmsmasters_row_margin\">\n<div class=\"cmsmasters_column one_first text-justify\">\n<div class=\"cmsmasters_text\">\n<p><strong>L\u00ednguas<\/strong><\/p>\n<ul>\n<li>Portugu\u00eas: Escrita e fala<\/li>\n<li>Ingl\u00eas: Escrita e fala<\/li>\n<li>Ronga: Fala<\/li>\n<li>Cicopi: Fala<\/li>\n<li>Ndau: Fala<\/li>\n<\/ul>\n<\/div>\n<\/div>\n<\/div>\n<\/div>\n<\/div>\n<\/div>\n<\/div>\n<div id=\"cmsmasters_row_69f075b9234f35_07560958\" class=\"cmsmasters_row cmsmasters_color_scheme_default cmsmasters_row_top_default cmsmasters_row_bot_default cmsmasters_row_boxed\">\n<div class=\"cmsmasters_row_outer_parent\">\n<div class=\"cmsmasters_row_outer\">\n<div class=\"cmsmasters_row_inner\">\n<div class=\"cmsmasters_row_margin\">\n<div class=\"cmsmasters_column one_first\">\n<div class=\"cmsmasters_audio\">\n<\/div>\n<\/div>\n<\/div>\n<\/div>\n<\/div>\n<\/div>\n<\/div>\n\n","protected":false},"excerpt":{"rendered":"<p>\u00c9 Reitora da Universidade P\u00fangu\u00e8 com sede na prov\u00edncia de Manica e uma Extens\u00e3o na prov\u00edncia de Tete.<\/p>\n","protected":false},"featured_media":6817,"menu_order":0,"comment_status":"closed","ping_status":"closed","template":"","meta":{"footnotes":""},"pl-categs":[47,49,84],"class_list":["post-3958","profile","type-profile","status-publish","has-post-thumbnail","hentry","pl-categs-destacados","pl-categs-reitora","pl-categs-reitoria"],"_links":{"self":[{"href":"https:\/\/unipungue.ac.mz\/index.php?rest_route=\/wp\/v2\/profile\/3958","targetHints":{"allow":["GET"]}}],"collection":[{"href":"https:\/\/unipungue.ac.mz\/index.php?rest_route=\/wp\/v2\/profile"}],"about":[{"href":"https:\/\/unipungue.ac.mz\/index.php?rest_route=\/wp\/v2\/types\/profile"}],"replies":[{"embeddable":true,"href":"https:\/\/unipungue.ac.mz\/index.php?rest_route=%2Fwp%2Fv2%2Fcomments&post=3958"}],"version-history":[{"count":13,"href":"https:\/\/unipungue.ac.mz\/index.php?rest_route=\/wp\/v2\/profile\/3958\/revisions"}],"predecessor-version":[{"id":8960,"href":"https:\/\/unipungue.ac.mz\/index.php?rest_route=\/wp\/v2\/profile\/3958\/revisions\/8960"}],"wp:featuredmedia":[{"embeddable":true,"href":"https:\/\/unipungue.ac.mz\/index.php?rest_route=\/wp\/v2\/media\/6817"}],"wp:attachment":[{"href":"https:\/\/unipungue.ac.mz\/index.php?rest_route=%2Fwp%2Fv2%2Fmedia&parent=3958"}],"wp:term":[{"taxonomy":"pl-categs","embeddable":true,"href":"https:\/\/unipungue.ac.mz\/index.php?rest_route=%2Fwp%2Fv2%2Fpl-categs&post=3958"}],"curies":[{"name":"wp","href":"https:\/\/api.w.org\/{rel}","templated":true}]}}